{"id":2030,"date":"2022-04-12T14:29:37","date_gmt":"2022-04-12T14:29:37","guid":{"rendered":"https:\/\/bookshop.codesria.org\/?post_type=product&#038;p=2030"},"modified":"2024-09-26T14:54:17","modified_gmt":"2024-09-26T14:54:17","slug":"nationalisme-panafricanisme-et-reconstruction-africaine-printed","status":"publish","type":"product","link":"https:\/\/bookshop.codesria.org\/index.php\/product\/nationalisme-panafricanisme-et-reconstruction-africaine-printed\/","title":{"rendered":"Nationalisme, panafricanisme et reconstruction africaine (Printed)"},"content":{"rendered":"<p style=\"text-align: justify\">Quel sens donner au nationalisme et au panafricanisme? Comment ces id\u00e9aux pourraient-ils servir la reconstruction africaine? Quelles seraient les permanences et les bifurcations du sentiment nationaliste? Comment r\u00e9concilier le patriotisme, le panafricanisme, l&#8217;id\u00e9al panafricain et le ph\u00e9nom\u00e8ne de \u00ab fuite des cerveaux \u00bb ou avec la mondialisation capitaliste? Le panafricanisme peut-il aider l&#8217;entrepreneuriat africain et vice versa? Quelle aura \u00e9t\u00e9 la contribution des intellectuels \u00e0 la lutte pour l&#8217;ind\u00e9pendance africaine, la d\u00e9mocratie, et le d\u00e9veloppement qui sont si intimement li\u00e9s? Est-il possible de refonder l&#8217;id\u00e9al panafricaniste \u00e0 l&#8217;aune de l&#8217;intellectualit\u00e9 symbolique musicale? Cet ouvrage tente de r\u00e9pondre \u00e0 ces questions et constitue une contribution majeure \u00e0 la r\u00e9flexion sur la reconstruction africaine qui requiert un r\u00e9veil du nationalisme et du panafricanisme, ainsi qu&#8217;un plus grand engagement des intellectuels et peuples africains. Critique et autocritique, cet ouvrage devrait interpeller les intellectuels africains de tous bords au sujet de leur r\u00f4le individuel et collectif dans la lutte de notre peuple pour sa lib\u00e9ration totale et la reconstruction africaine \u00e0 l&#8217;\u00e8re de la mondialisation. Il est d&#8217;abord destin\u00e9 aux Africains, aux entrepreneurs politiques, \u00e9conomiques, sociaux et culturels africains et \u00e0 tous ceux qui se pr\u00e9occupent de la reconstruction africaine.<\/p>\n<p><strong>Andr\u00e9 Mbata Mangu<\/strong><\/p>\n<p><strong>\u00a0<\/strong><\/p>\n<p>ISBN\u00a0: 2-86978-165-2<\/p>\n<p>CODESRIA 2006<\/p>\n<p>&nbsp;<\/p>\n","protected":false},"excerpt":{"rendered":"<p><strong>Nationalisme, panafricanisme et reconstruction africaine (Printed)<\/strong><\/p>\n<p>&nbsp;<\/p>\n<p style=\"text-align: justify\">Quel sens donner au nationalisme et au panafricanisme? Comment ces id\u00e9aux pourraient-ils servir la reconstruction africaine? Quelles seraient les permanences et les bifurcations du sentiment nationaliste? Comment r\u00e9concilier le patriotisme, le panafricanisme, l&#8217;id\u00e9al panafricain et le ph\u00e9nom\u00e8ne de \u00ab fuite des cerveaux \u00bb ou avec la mondialisation capitaliste? Le panafricanisme peut-il aider l&#8217;entrepreneuriat africain et vice versa? Quelle aura \u00e9t\u00e9 la contribution des intellectuels \u00e0 la lutte pour l&#8217;ind\u00e9pendance africaine, la d\u00e9mocratie, et le d\u00e9veloppement qui sont si intimement li\u00e9s? Est-il possible de refonder l&#8217;id\u00e9al panafricaniste \u00e0 l&#8217;aune de l&#8217;intellectualit\u00e9 symbolique musicale? Cet ouvrage tente de r\u00e9pondre \u00e0 ces questions et constitue une contribution majeure \u00e0 la r\u00e9flexion sur la reconstruction africaine qui requiert un r\u00e9veil du nationalisme et du panafricanisme, ainsi qu&#8217;un plus grand engagement des intellectuels et peuples africains. Critique et autocritique, cet ouvrage devrait interpeller les intellectuels africains de tous bords au sujet de leur r\u00f4le individuel et collectif dans la lutte de notre peuple pour sa lib\u00e9ration totale et la reconstruction africaine \u00e0 l&#8217;\u00e8re de la mondialisation. Il est d&#8217;abord destin\u00e9 aux Africains, aux entrepreneurs politiques, \u00e9conomiques, sociaux et culturels africains et \u00e0 tous ceux qui se pr\u00e9occupent de la reconstruction africaine.<\/p>\n<p>&nbsp;<\/p>\n","protected":false},"featured_media":3394,"template":"","meta":[],"product_cat":[54],"product_tag":[206,565,566,567,562,563,564],"class_list":{"0":"post-2030","1":"product","2":"type-product","3":"status-publish","4":"has-post-thumbnail","6":"product_cat-codesria-books","7":"product_tag-africaine","8":"product_tag-andre","9":"product_tag-mangu","10":"product_tag-mbata","11":"product_tag-nationalisme","12":"product_tag-panafricanisme","13":"product_tag-recontruction","15":"first","16":"instock","17":"shipping-taxable","18":"purchasable","19":"product-type-simple"},"_links":{"self":[{"href":"https:\/\/bookshop.codesria.org\/index.php\/wp-json\/wp\/v2\/product\/2030","targetHints":{"allow":["GET"]}}],"collection":[{"href":"https:\/\/bookshop.codesria.org\/index.php\/wp-json\/wp\/v2\/product"}],"about":[{"href":"https:\/\/bookshop.codesria.org\/index.php\/wp-json\/wp\/v2\/types\/product"}],"wp:featuredmedia":[{"embeddable":true,"href":"https:\/\/bookshop.codesria.org\/index.php\/wp-json\/wp\/v2\/media\/3394"}],"wp:attachment":[{"href":"https:\/\/bookshop.codesria.org\/index.php\/wp-json\/wp\/v2\/media?parent=2030"}],"wp:term":[{"taxonomy":"product_cat","embeddable":true,"href":"https:\/\/bookshop.codesria.org\/index.php\/wp-json\/wp\/v2\/product_cat?post=2030"},{"taxonomy":"product_tag","embeddable":true,"href":"https:\/\/bookshop.codesria.org\/index.php\/wp-json\/wp\/v2\/product_tag?post=2030"}],"curies":[{"name":"wp","href":"https:\/\/api.w.org\/{rel}","templated":true}]}}